{"id":12123,"date":"2025-04-08T11:09:49","date_gmt":"2025-04-08T09:09:49","guid":{"rendered":"https:\/\/visitbuggiano.com\/evento\/mnemonico-cellulare-die-einzelausstellung-von-andrea-mattiello-in-buggiano-castello\/"},"modified":"2025-04-08T11:09:49","modified_gmt":"2025-04-08T09:09:49","slug":"mnemonico-cellulare-die-einzelausstellung-von-andrea-mattiello-in-buggiano-castello","status":"publish","type":"tribe_events","link":"https:\/\/visitbuggiano.com\/de\/evento\/mnemonico-cellulare-die-einzelausstellung-von-andrea-mattiello-in-buggiano-castello\/","title":{"rendered":"\u201cMNEMONICO CELLULARE\u201d \u2013 Die Einzelausstellung von Andrea Mattiello in Buggiano Castello"},"content":{"rendered":"<p class=\"\" data-start=\"85\" data-end=\"172\">Vom 12. April bis 27. Juli 2025 finden in den historischen R\u00e4umen des Palazzo Pretorio di Buggiano Castello (PT) <em data-start=\"281\" data-end=\"304\">&#8222;Mnemonico Cellulare&#8220;<\/em> statt, eine Einzelausstellung des K\u00fcnstlers Andrea Mattiello, kuratiert von Dott.ssa Sofia Ancillotti und gef\u00f6rdert durch die Associazione Culturale Buggiano Castello APS, mit dem Patronat der Gemeinde von Buggiano und dem Beitrag von Bottega Roberta Brizzi.<\/p>\n<p class=\"\" data-start=\"540\" data-end=\"975\">Eine Anthologie anl\u00e4sslich des 50. Geburtstages des K\u00fcnstlers, die eine tiefe Reflexion \u00fcber das Portr\u00e4t und die Erinnerung durch Werke bietet, die die Verbindungen, die Vergleiche und die intime Rekonstruktion der Identit\u00e4t erz\u00e4hlen. Die Ausstellung entwickelt sich als ein Weg zwischen Zellen, Symbolen, Bildern und Erinnerungen, die den Menschen in seiner Beziehung zu anderen und sich selbst erforschen, in einem st\u00e4ndigen Dialog zwischen Vergangenheit und Gegenwart. <\/p>\n<p class=\"\" data-start=\"977\" data-end=\"1246\">Die drei Ausstellungsabschnitte &#8211; &#8222;Materielles Ged\u00e4chtnis&#8220;, &#8222;Zellul\u00e4res Ged\u00e4chtnis&#8220; und die standortspezifische Installation &#8222;Erinnere mich&#8220; in den ehemaligen Gef\u00e4ngnissen &#8211; begleiten den Besucher auf eine sensible und intensive Reise zwischen kollektiven Bildern und zeitlosen Portr\u00e4ts.<\/p>\n<p class=\"\" data-start=\"1248\" data-end=\"1524\">Die Er\u00f6ffnung ist f\u00fcr Samstag, den 12. April um 16.00 Uhr geplant. Eintritt frei.<br data-start=\"1328\" data-end=\"1331\">Die Ausstellung kann besichtigt werden  <strong>jeden Samstag und Sonntag von 16.00 bis 19.00 Uhr. Im Juli nur sonntags. Au\u00dferordentliche \u00d6ffnungen am 25. April, 1. Mai und 2. Juni (16.00 &#8211; 19.00 Uhr).  <\/strong><\/p>\n","protected":false},"excerpt":{"rendered":"<p>Vom 12. April bis 27. Juli 2025 finden in den historischen R\u00e4umen des Palazzo Pretorio di Buggiano Castello (PT) &#8222;Mnemonico Cellulare&#8220; statt, eine Einzelausstellung des K\u00fcnstlers Andrea Mattiello, kuratiert von [&hellip;]<\/p>\n","protected":false},"author":2,"featured_media":12076,"template":"","meta":{"_acf_changed":false,"_tribe_events_status":"","_tribe_events_status_reason":"","footnotes":""},"tags":[],"tribe_events_cat":[],"class_list":["post-12123","tribe_events","type-tribe_events","status-publish","has-post-thumbnail","hentry"],"acf":false,"yoast_head":"<!-- This site is optimized with the Yoast SEO plugin v25.0 - https:\/\/yoast.com\/wordpress\/plugins\/seo\/ -->\n<title>\u201cMNEMONICO CELLULARE\u201d \u2013 Die Einzelausstellung von Andrea Mattiello in Buggiano Castello - Visit Buggiano<\/title>\n<meta name=\"description\" content=\"Vom 12. April bis 27. Juli 2025 finden in den historischen R\u00e4umen des Palazzo Pretorio di Buggiano Castello (PT) &quot;Mnemonico Cellulare&quot; statt, eine\" \/>\n<meta name=\"robots\" content=\"index, follow, max-snippet:-1, max-image-preview:large, max-video-preview:-1\" \/>\n<link rel=\"canonical\" href=\"https:\/\/visitbuggiano.com\/de\/evento\/mnemonico-cellulare-die-einzelausstellung-von-andrea-mattiello-in-buggiano-castello\/\" \/>\n<meta property=\"og:locale\" content=\"de_DE\" \/>\n<meta property=\"og:type\" content=\"article\" \/>\n<meta property=\"og:title\" content=\"\u201cMNEMONICO CELLULARE\u201d \u2013 Die Einzelausstellung von Andrea Mattiello in Buggiano Castello - Visit Buggiano\" \/>\n<meta property=\"og:description\" content=\"Vom 12. April bis 27. Juli 2025 finden in den historischen R\u00e4umen des Palazzo Pretorio di Buggiano Castello (PT) &quot;Mnemonico Cellulare&quot; statt, eine\" \/>\n<meta property=\"og:url\" content=\"https:\/\/visitbuggiano.com\/de\/evento\/mnemonico-cellulare-die-einzelausstellung-von-andrea-mattiello-in-buggiano-castello\/\" \/>\n<meta property=\"og:site_name\" content=\"Visit Buggiano\" \/>\n<meta property=\"article:publisher\" content=\"https:\/\/www.facebook.com\/visitbuggiano\" \/>\n<meta property=\"og:image\" content=\"https:\/\/visitbuggiano.com\/wp-content\/uploads\/2023\/01\/logo-social-visit-buggiano.jpg\" \/>\n\t<meta property=\"og:image:width\" content=\"1080\" \/>\n\t<meta property=\"og:image:height\" content=\"1080\" \/>\n\t<meta property=\"og:image:type\" content=\"image\/jpeg\" \/>\n<meta name=\"twitter:card\" content=\"summary_large_image\" \/>\n<meta name=\"twitter:label1\" content=\"Gesch\u00e4tzte Lesezeit\" \/>\n\t<meta name=\"twitter:data1\" content=\"1\u00a0Minute\" \/>\n<script type=\"application\/ld+json\" class=\"yoast-schema-graph\">{\"@context\":\"https:\/\/schema.org\",\"@graph\":[{\"@type\":\"WebPage\",\"@id\":\"https:\/\/visitbuggiano.com\/de\/evento\/mnemonico-cellulare-die-einzelausstellung-von-andrea-mattiello-in-buggiano-castello\/\",\"url\":\"https:\/\/visitbuggiano.com\/de\/evento\/mnemonico-cellulare-die-einzelausstellung-von-andrea-mattiello-in-buggiano-castello\/\",\"name\":\"\u201cMNEMONICO CELLULARE\u201d \u2013 Die Einzelausstellung von Andrea Mattiello in Buggiano Castello - Visit Buggiano\",\"isPartOf\":{\"@id\":\"https:\/\/visitbuggiano.com\/de\/#website\"},\"primaryImageOfPage\":{\"@id\":\"https:\/\/visitbuggiano.com\/de\/evento\/mnemonico-cellulare-die-einzelausstellung-von-andrea-mattiello-in-buggiano-castello\/#primaryimage\"},\"image\":{\"@id\":\"https:\/\/visitbuggiano.com\/de\/evento\/mnemonico-cellulare-die-einzelausstellung-von-andrea-mattiello-in-buggiano-castello\/#primaryimage\"},\"thumbnailUrl\":\"https:\/\/visitbuggiano.com\/wp-content\/uploads\/2025\/03\/IMG_2328.jpg\",\"datePublished\":\"2025-04-08T09:09:49+00:00\",\"description\":\"Vom 12. April bis 27. Juli 2025 finden in den historischen R\u00e4umen des Palazzo Pretorio di Buggiano Castello (PT) \\\"Mnemonico Cellulare\\\" statt, eine\",\"breadcrumb\":{\"@id\":\"https:\/\/visitbuggiano.com\/de\/evento\/mnemonico-cellulare-die-einzelausstellung-von-andrea-mattiello-in-buggiano-castello\/#breadcrumb\"},\"inLanguage\":\"de\",\"potentialAction\":[{\"@type\":\"ReadAction\",\"target\":[\"https:\/\/visitbuggiano.com\/de\/evento\/mnemonico-cellulare-die-einzelausstellung-von-andrea-mattiello-in-buggiano-castello\/\"]}]},{\"@type\":\"ImageObject\",\"inLanguage\":\"de\",\"@id\":\"https:\/\/visitbuggiano.com\/de\/evento\/mnemonico-cellulare-die-einzelausstellung-von-andrea-mattiello-in-buggiano-castello\/#primaryimage\",\"url\":\"https:\/\/visitbuggiano.com\/wp-content\/uploads\/2025\/03\/IMG_2328.jpg\",\"contentUrl\":\"https:\/\/visitbuggiano.com\/wp-content\/uploads\/2025\/03\/IMG_2328.jpg\",\"width\":1034,\"height\":1477},{\"@type\":\"BreadcrumbList\",\"@id\":\"https:\/\/visitbuggiano.com\/de\/evento\/mnemonico-cellulare-die-einzelausstellung-von-andrea-mattiello-in-buggiano-castello\/#breadcrumb\",\"itemListElement\":[{\"@type\":\"ListItem\",\"position\":1,\"name\":\"VisitBuggiano\",\"item\":\"https:\/\/visitbuggiano.com\/de\/\"},{\"@type\":\"ListItem\",\"position\":2,\"name\":\"Veranstaltungen\",\"item\":\"https:\/\/visitbuggiano.com\/de\/eventi\/\"},{\"@type\":\"ListItem\",\"position\":3,\"name\":\"\u201cMNEMONICO CELLULARE\u201d \u2013 Die Einzelausstellung von Andrea Mattiello in Buggiano Castello\"}]},{\"@type\":\"WebSite\",\"@id\":\"https:\/\/visitbuggiano.com\/de\/#website\",\"url\":\"https:\/\/visitbuggiano.com\/de\/\",\"name\":\"Visit Buggiano\",\"description\":\"a breath of Tuscany\",\"publisher\":{\"@id\":\"https:\/\/visitbuggiano.com\/de\/#organization\"},\"potentialAction\":[{\"@type\":\"SearchAction\",\"target\":{\"@type\":\"EntryPoint\",\"urlTemplate\":\"https:\/\/visitbuggiano.com\/de\/?s={search_term_string}\"},\"query-input\":{\"@type\":\"PropertyValueSpecification\",\"valueRequired\":true,\"valueName\":\"search_term_string\"}}],\"inLanguage\":\"de\"},{\"@type\":\"Organization\",\"@id\":\"https:\/\/visitbuggiano.com\/de\/#organization\",\"name\":\"Visit Buggiano\",\"url\":\"https:\/\/visitbuggiano.com\/de\/\",\"logo\":{\"@type\":\"ImageObject\",\"inLanguage\":\"de\",\"@id\":\"https:\/\/visitbuggiano.com\/de\/#\/schema\/logo\/image\/\",\"url\":\"https:\/\/visitbuggiano.com\/wp-content\/uploads\/2021\/08\/logo-visit-buggiano-colore-ok.svg\",\"contentUrl\":\"https:\/\/visitbuggiano.com\/wp-content\/uploads\/2021\/08\/logo-visit-buggiano-colore-ok.svg\",\"width\":1,\"height\":1,\"caption\":\"Visit Buggiano\"},\"image\":{\"@id\":\"https:\/\/visitbuggiano.com\/de\/#\/schema\/logo\/image\/\"},\"sameAs\":[\"https:\/\/www.facebook.com\/visitbuggiano\",\"https:\/\/www.instagram.com\/visitbuggiano\",\"https:\/\/www.youtube.com\/channel\/UChJGK-7VcUdVyA5yrx3UGsw\"]}]}<\/script>\n<!-- \/ Yoast SEO plugin. -->","yoast_head_json":{"title":"\u201cMNEMONICO CELLULARE\u201d \u2013 Die Einzelausstellung von Andrea Mattiello in Buggiano Castello - Visit Buggiano","description":"Vom 12. April bis 27. Juli 2025 finden in den historischen R\u00e4umen des Palazzo Pretorio di Buggiano Castello (PT) \"Mnemonico Cellulare\" statt, eine","robots":{"index":"index","follow":"follow","max-snippet":"max-snippet:-1","max-image-preview":"max-image-preview:large","max-video-preview":"max-video-preview:-1"},"canonical":"https:\/\/visitbuggiano.com\/de\/evento\/mnemonico-cellulare-die-einzelausstellung-von-andrea-mattiello-in-buggiano-castello\/","og_locale":"de_DE","og_type":"article","og_title":"\u201cMNEMONICO CELLULARE\u201d \u2013 Die Einzelausstellung von Andrea Mattiello in Buggiano Castello - Visit Buggiano","og_description":"Vom 12. April bis 27. Juli 2025 finden in den historischen R\u00e4umen des Palazzo Pretorio di Buggiano Castello (PT) \"Mnemonico Cellulare\" statt, eine","og_url":"https:\/\/visitbuggiano.com\/de\/evento\/mnemonico-cellulare-die-einzelausstellung-von-andrea-mattiello-in-buggiano-castello\/","og_site_name":"Visit Buggiano","article_publisher":"https:\/\/www.facebook.com\/visitbuggiano","og_image":[{"width":1080,"height":1080,"url":"https:\/\/visitbuggiano.com\/wp-content\/uploads\/2023\/01\/logo-social-visit-buggiano.jpg","type":"image\/jpeg"}],"twitter_card":"summary_large_image","twitter_misc":{"Gesch\u00e4tzte Lesezeit":"1\u00a0Minute"},"schema":{"@context":"https:\/\/schema.org","@graph":[{"@type":"WebPage","@id":"https:\/\/visitbuggiano.com\/de\/evento\/mnemonico-cellulare-die-einzelausstellung-von-andrea-mattiello-in-buggiano-castello\/","url":"https:\/\/visitbuggiano.com\/de\/evento\/mnemonico-cellulare-die-einzelausstellung-von-andrea-mattiello-in-buggiano-castello\/","name":"\u201cMNEMONICO CELLULARE\u201d \u2013 Die Einzelausstellung von Andrea Mattiello in Buggiano Castello - Visit Buggiano","isPartOf":{"@id":"https:\/\/visitbuggiano.com\/de\/#website"},"primaryImageOfPage":{"@id":"https:\/\/visitbuggiano.com\/de\/evento\/mnemonico-cellulare-die-einzelausstellung-von-andrea-mattiello-in-buggiano-castello\/#primaryimage"},"image":{"@id":"https:\/\/visitbuggiano.com\/de\/evento\/mnemonico-cellulare-die-einzelausstellung-von-andrea-mattiello-in-buggiano-castello\/#primaryimage"},"thumbnailUrl":"https:\/\/visitbuggiano.com\/wp-content\/uploads\/2025\/03\/IMG_2328.jpg","datePublished":"2025-04-08T09:09:49+00:00","description":"Vom 12. April bis 27. Juli 2025 finden in den historischen R\u00e4umen des Palazzo Pretorio di Buggiano Castello (PT) \"Mnemonico Cellulare\" statt, eine","breadcrumb":{"@id":"https:\/\/visitbuggiano.com\/de\/evento\/mnemonico-cellulare-die-einzelausstellung-von-andrea-mattiello-in-buggiano-castello\/#breadcrumb"},"inLanguage":"de","potentialAction":[{"@type":"ReadAction","target":["https:\/\/visitbuggiano.com\/de\/evento\/mnemonico-cellulare-die-einzelausstellung-von-andrea-mattiello-in-buggiano-castello\/"]}]},{"@type":"ImageObject","inLanguage":"de","@id":"https:\/\/visitbuggiano.com\/de\/evento\/mnemonico-cellulare-die-einzelausstellung-von-andrea-mattiello-in-buggiano-castello\/#primaryimage","url":"https:\/\/visitbuggiano.com\/wp-content\/uploads\/2025\/03\/IMG_2328.jpg","contentUrl":"https:\/\/visitbuggiano.com\/wp-content\/uploads\/2025\/03\/IMG_2328.jpg","width":1034,"height":1477},{"@type":"BreadcrumbList","@id":"https:\/\/visitbuggiano.com\/de\/evento\/mnemonico-cellulare-die-einzelausstellung-von-andrea-mattiello-in-buggiano-castello\/#breadcrumb","itemListElement":[{"@type":"ListItem","position":1,"name":"VisitBuggiano","item":"https:\/\/visitbuggiano.com\/de\/"},{"@type":"ListItem","position":2,"name":"Veranstaltungen","item":"https:\/\/visitbuggiano.com\/de\/eventi\/"},{"@type":"ListItem","position":3,"name":"\u201cMNEMONICO CELLULARE\u201d \u2013 Die Einzelausstellung von Andrea Mattiello in Buggiano Castello"}]},{"@type":"WebSite","@id":"https:\/\/visitbuggiano.com\/de\/#website","url":"https:\/\/visitbuggiano.com\/de\/","name":"Visit Buggiano","description":"a breath of Tuscany","publisher":{"@id":"https:\/\/visitbuggiano.com\/de\/#organization"},"potentialAction":[{"@type":"SearchAction","target":{"@type":"EntryPoint","urlTemplate":"https:\/\/visitbuggiano.com\/de\/?s={search_term_string}"},"query-input":{"@type":"PropertyValueSpecification","valueRequired":true,"valueName":"search_term_string"}}],"inLanguage":"de"},{"@type":"Organization","@id":"https:\/\/visitbuggiano.com\/de\/#organization","name":"Visit Buggiano","url":"https:\/\/visitbuggiano.com\/de\/","logo":{"@type":"ImageObject","inLanguage":"de","@id":"https:\/\/visitbuggiano.com\/de\/#\/schema\/logo\/image\/","url":"https:\/\/visitbuggiano.com\/wp-content\/uploads\/2021\/08\/logo-visit-buggiano-colore-ok.svg","contentUrl":"https:\/\/visitbuggiano.com\/wp-content\/uploads\/2021\/08\/logo-visit-buggiano-colore-ok.svg","width":1,"height":1,"caption":"Visit Buggiano"},"image":{"@id":"https:\/\/visitbuggiano.com\/de\/#\/schema\/logo\/image\/"},"sameAs":["https:\/\/www.facebook.com\/visitbuggiano","https:\/\/www.instagram.com\/visitbuggiano","https:\/\/www.youtube.com\/channel\/UChJGK-7VcUdVyA5yrx3UGsw"]}]}},"_links":{"self":[{"href":"https:\/\/visitbuggiano.com\/de\/wp-json\/wp\/v2\/tribe_events\/12123","targetHints":{"allow":["GET"]}}],"collection":[{"href":"https:\/\/visitbuggiano.com\/de\/wp-json\/wp\/v2\/tribe_events"}],"about":[{"href":"https:\/\/visitbuggiano.com\/de\/wp-json\/wp\/v2\/types\/tribe_events"}],"author":[{"embeddable":true,"href":"https:\/\/visitbuggiano.com\/de\/wp-json\/wp\/v2\/users\/2"}],"version-history":[{"count":0,"href":"https:\/\/visitbuggiano.com\/de\/wp-json\/wp\/v2\/tribe_events\/12123\/revisions"}],"wp:featuredmedia":[{"embeddable":true,"href":"https:\/\/visitbuggiano.com\/de\/wp-json\/wp\/v2\/media\/12076"}],"wp:attachment":[{"href":"https:\/\/visitbuggiano.com\/de\/wp-json\/wp\/v2\/media?parent=12123"}],"wp:term":[{"taxonomy":"post_tag","embeddable":true,"href":"https:\/\/visitbuggiano.com\/de\/wp-json\/wp\/v2\/tags?post=12123"},{"taxonomy":"tribe_events_cat","embeddable":true,"href":"https:\/\/visitbuggiano.com\/de\/wp-json\/wp\/v2\/tribe_events_cat?post=12123"}],"curies":[{"name":"wp","href":"https:\/\/api.w.org\/{rel}","templated":true}]}}